{"id":2524,"date":"2022-06-07T17:13:05","date_gmt":"2022-06-07T15:13:05","guid":{"rendered":"http:\/\/colllearning.info\/CISHE\/?page_id=2524"},"modified":"2025-06-18T09:02:08","modified_gmt":"2025-06-18T07:02:08","slug":"cafe-visio-philo","status":"publish","type":"page","link":"http:\/\/colllearning.info\/CISHE\/production\/cafe-visio-philo\/","title":{"rendered":"Visioconf\u00e9rences"},"content":{"rendered":"\n<p class=\"has-text-align-center\"><strong>Calendrier pr\u00e9visionnel<\/strong><\/p>\n\n\n\n<ul class=\"wp-block-list\">\n<li>en 2025 : Claude Plocieniak \u00ab\u2009Magn\u00e9sium : Le mal-aim\u00e9\u2009? Et pourtant\u2009!\u2009\u00bb<br>Pourquoi le magn\u00e9sium est-il le \u00ab parent pauvre \u00bb de la m\u00e9decine, alors que son efficacit\u00e9 est vant\u00e9e depuis l\u2019antiquit\u00e9 et que nombreux sont les scientifiques qui ont prouv\u00e9 le bien-fond\u00e9 de sa valeur th\u00e9rapeutique, et son r\u00f4le essentiel dans notre \u00e9quilibre biologique, c\u2019est-\u00e0-dire notre \u00e9quilibre tout court ! En reprenant les arguments d\u00e9velopp\u00e9s dans son livre paru aux \u00e9ditions Librinova en 2023, Claude Plocieniak nous parlera des bienfaits pour la sant\u00e9 qu&rsquo;apporte le magn\u00e9sium.<\/li>\n\n\n\n<li>en 2025 : Dominique Sabourdin \u00ab\u2009La d\u00e9marche historique\u2009\u00bb (\u00e0 l\u2019\u00e9tude).<\/li>\n\n\n\n<li><strong>Mardi 17 juin 2025<\/strong>, Fran\u00e7oise\u00a0 Deroy-Pineau, Histoire de vie transatlantique. G\u00e9n\u00e9rativit\u00e9 &#8211; Sororit\u00e9 &#8211; Spiritualit\u00e9<br>Pr\u00e9sentation par l&rsquo;auteur d&rsquo;un ouvrage, paru dans le volet narratif de la collection Histoires de vie et formation, qui retrace une histoire de vie en r\u00e9seaux transatlantiques. En quatre p\u00e9riodes : naissance et jeunesse en France 1938-1969 &#8211; travers\u00e9e de l\u2019Atlantique et \u00e9tablissement au Qu\u00e9bec (1969-1984) &#8211; alternance Tours-Montr\u00e9al (1984-2014) &#8211; r\u00e9am\u00e9nagement des p\u00e9nates \u00e0 Montr\u00e9al (2014-2025). Une des premi\u00e8res lectrices s\u2019exclame :\u00a0 \u00ab J\u2019ai surtout aim\u00e9 vous sentir vivre \u00e0 chaque instant ! Quelle chaleur humaine ! Quel go\u00fbt de la vie ! Quelle joie de vivre et de d\u00e9fier (avec humour) toutes les situations \u00bb Un sous-titre identifie les diff\u00e9rents processus \u00e0 l\u2019\u0153uvre : g\u00e9n\u00e9rativit\u00e9, sororit\u00e9, spiritualit\u00e9. Pr\u00e9face et postface d\u2019universitaires fran\u00e7ais et qu\u00e9b\u00e9cois les d\u00e9veloppent.<br>Revoir la visioconf\u00e9rence : <a href=\"https:\/\/youtu.be\/3WFMHA13MlI\">https:\/\/youtu.be\/3WFMHA13MlI<\/a><\/li>\n\n\n\n<li><strong>mardi 27 mai 2025<\/strong> : Anne-Marie Guillemard \u00ab\u2009La transition d\u00e9mographique, un d\u00e9fi majeur\u2009\u00bb.<br>L\u2019allongement de la vie et le ralentissement de la f\u00e9condit\u00e9 sont les deux facteurs qui contribuent au vieillissement d\u00e9mographique. Ces \u00e9volutions ont d\u2019abord affect\u00e9 les \u00e9conomies d\u00e9velopp\u00e9es et de mani\u00e8re pr\u00e9pond\u00e9rante l\u2019Europe et le Japon, avant de s\u2019\u00e9tendre \u00e0 l\u2019\u00e9chelle mondiale. Aujourd\u2019hui, s\u2019adapter \u00e0 la transition d\u00e9mographique est un enjeu tout aussi important et mondial que de relever le d\u00e9fi du r\u00e9chauffement climatique.<br>La r\u00e9volution de la long\u00e9vit\u00e9 humaine, avec son corollaire le vieillissement de la population, bouleverse toute l\u2019organisation de nos soci\u00e9t\u00e9s et a un impact majeur soci\u00e9tal, \u00e9conomique et budg\u00e9taire.<br>Contrairement aux chantres d\u2019un d\u00e9clin provoqu\u00e9 par le \u00ab\u2009choc du vieillissement d\u00e9mographique\u2009\u00bb qui d\u00e9boucherait sur un ralentissement de la croissance, des p\u00e9nuries de main-d\u2019\u0153uvre et une hausse des d\u00e9penses publiques coupl\u00e9e \u00e0 une baisse des recettes fiscales, nous pensons qu\u2019il n\u2019y a pas de d\u00e9terminisme d\u00e9mographique. Les transformations de la structure par \u00e2ge ne dictent ni des conduites ni des politiques. Elles jouent comme un ensemble nouveau de contraintes. Tout d\u00e9pend des attitudes, comportements et politiques publiques qui seront d\u00e9velopp\u00e9s pour r\u00e9pondre \u00e0 ces contraintes. Le d\u00e9tour par l\u2019\u00e9tranger mettra en \u00e9vidence qu\u2019il est possible de s\u2019adapter et d\u2019innover dans ce nouveau contexte de transition d\u00e9mographique, sans sombrer dans un d\u00e9clin in\u00e9luctable.<br>Revoir la visioconf\u00e9rence : <a href=\"https:\/\/youtu.be\/YFjM8gPu7A0\">https:\/\/youtu.be\/YFjM8gPu7A0<\/a><\/li>\n\n\n\n<li><strong>jeudi 10 avril 2025<\/strong> : Claude Rougeron \u00ab\u2009Choisir pour sa fin de vie\u00bb.<br> Du concept du libre-choix \u00e0 celui des soins palliatifs, une ruche de d\u00e9terminants permet de choisir pour sa fin de vie. Quels sont ces d\u00e9terminants ? Les prenons-nous tous en compte lorsque la mort nous fait signe ? Pourquoi se contente-t-on de quelques-uns, voire peu, pour d\u00e9cider, trancher, adopter en faveur des soins palliatifs ou du suicide assist\u00e9, voire de l\u2019euthanasie ; parfois, ne pas choisir et s\u2019abandonner \u00e0 l\u2019autre, son alter-ego ? Quel autre, lui-m\u00eame sous l\u2019influence de ses d\u00e9terminants ?<br>Penchons-nous sur ce qui influence, \u00e0 un moment donn\u00e9, de fa\u00e7on \u00e9volutive, notre choix pour notre fin de vie.<br>Revoir la visioconf\u00e9rence : <a href=\"https:\/\/youtu.be\/gV44mYbZIws\">https:\/\/youtu.be\/gV44mYbZIws<\/a><\/li>\n\n\n\n<li><strong>mardi 25 mars 2025<\/strong> : Herv\u00e9 Cochet \u00abChanger c\u2019est possible, vraiment ? Mais alors comment?\u00bb<br>Objet : Pr\u00e9parer l&rsquo;animation de l&rsquo;atelier 4 du Colloque Andr\u00e9 Giordan qui se tient le samedi 29 mars au Learning Plan\u00e8te Institute (voir ci-dessous).<br>Allost\u00e9rie = Propri\u00e9t\u00e9 de certaines prot\u00e9ines enzymatiques ou non qui peuvent changer de structure spatiale lorsqu&rsquo;elles sont li\u00e9es \u00e0 un effecteur qui peut \u00eatre le ligand lui-m\u00eame, un activateur ou un inhibiteur.<br>C&rsquo;est de l\u00e0 que d\u00e9marre la m\u00e9taphore \u00e9ducative du mod\u00e8le allost\u00e9rique de l&rsquo;Apprendre d&rsquo;Andr\u00e9 Giordan. Allo signifiant \u00ab\u00a0autre\u00a0\u00bb et st\u00e9r\u00e9o \u00ab\u00a0forme\u00a0\u00bb, la mol\u00e9cule va modifier les rapports des atomes qui la constitue, remanier ses liaisons\u2026 elle va changer. Or, base de nombreux processus, si ce n&rsquo;est de tous, le changement est l\u00e0, un changement o\u00f9 tout se r\u00e9organise\u2026 C&rsquo;est possible ? Comment ? Qu&rsquo;est-ce qui change ? Qu&rsquo;est-ce qui ne change peut-\u00eatre pas ? Et est-ce que ne pas changer, c&rsquo;est aussi apprendre ? Qu&rsquo;est-ce que le changement, en soi, pour d&rsquo;autres que soi, autour de soi ? Comment tout cela dialogue ? Et, pour le p\u00e9dagogue, que retenir ?<br>Venez avec vos id\u00e9es, vos expertises\u2026 mais aussi vos t\u00e2tonnements !<br>Revoir la visioconf\u00e9rence : <a href=\"https:\/\/youtu.be\/RchH-Bgs_n0\">https:\/\/youtu.be\/RchH-Bgs_n0<\/a><\/li>\n\n\n\n<li><strong>mardi 18 f\u00e9vrier<\/strong>, Herv\u00e9 Cochet, \u00ab\u00a0Patient ? Qu&rsquo;est-ce \u00e0 dire !\u00a0\u00bb : Le terme consacr\u00e9 est \u00ab\u00a0Patient\u00a0\u00bb\u2026 il est l\u00e0, pos\u00e9 au milieu de l&rsquo;H\u00f4pital\u2026 mais qui est-il pour lui-m\u00eame et pour ce truc que l&rsquo;on nomme \u00ab\u00a0h\u00f4pital\u00a0\u00bb ? Essayons de parcourir quelques facettes de ce personnage\u2026<br>Lien YouTube de la vid\u00e9o : <a rel=\"noreferrer noopener\" href=\"https:\/\/youtu.be\/_rLbYFpcDNc\" target=\"_blank\">https:\/\/youtu.be\/_rLbYFpcDNc<\/a><\/li>\n\n\n\n<li class=\"has-medium-font-size\"><strong>mardi 21 janvier 2025<\/strong> : Pierre Belleval \u00ab\u2009H\u00f4pital, patients, humanit\u00e9\u2009\u00bb.<br>Apr\u00e8s une \u00e9vocation de son parcours professionnel et hospitalier qui l&rsquo;a amen\u00e9 \u00e0 s&rsquo;engager dans une association de visiteurs de malades d&rsquo;h\u00f4pital (VMEH-92), Pierre Belleval donnera une lecture de ses interventions aux b\u00e9n\u00e9fices des patients, voire des op\u00e9rationnels, en tant que b\u00e9n\u00e9vole a exp\u00e9rience entrepreneuriale dans un univers tr\u00e8s professionnel, du DG aux personnes les plus nombreuses au plus pr\u00e8s des patients : les aides soignantes.<br><a href=\"https:\/\/colllearning.info\/CISHE\/wp-content\/uploads\/2025\/02\/Hopital-patients-humanites.pdf\">Hopital-patients-humanites.pdf<\/a><\/li>\n\n\n\n<li class=\"has-medium-font-size\">mardi 10 d\u00e9cembre : Dan Schurmans \u00ab\u2009Une balade dans l&rsquo;espace et dans le temps \u00bb.<br>Le premier point abord\u00e9 sera celui de la forme : pourquoi des r\u00e9cits plut\u00f4t qu&rsquo;un roman. D&rsquo;o\u00f9 une d\u00e9finition du genre, pr\u00e9c\u00e9dents, place dans les litt\u00e9ratures fran\u00e7aise et \u00e9trang\u00e8res, particularit\u00e9s de la forme et du travail d&rsquo;\u00e9criture.<br>Le second aborde le choix des th\u00e8mes et les explique. Il y a quelques points communs entre eux : le th\u00e8me de la rencontre (toutes les rencontres), l&rsquo;exploration de diff\u00e9rences entre les repr\u00e9sentations culturelles, dans le temps et dans l&rsquo;espace, et la reconnaissance de la base universelle qui les fonde.<br>Enfin, je mentionnerai ce qui manque dans ces r\u00e9cits : les souvenirs traumatiques que je n&rsquo;ai pas pu \u00e9laborer. Sans en parler davantage.<br>&#8211; Pour revoir la visioconf\u00e9rence : <a rel=\"noreferrer noopener\" href=\"https:\/\/youtu.be\/zJgjIdc-Eg4\" target=\"_blank\">https:\/\/youtu.be\/zJgjIdc-Eg4<\/a><br>&#8211; <a href=\"https:\/\/colllearning.info\/CISHE\/wp-content\/uploads\/2024\/12\/ESCALES-EN-TEMPS-ET-EN-LIEUX-Presentation.pdf\">ESCALES-EN-TEMPS-ET-EN-LIEUX- texte de la pr\u00e9sentation<\/a><\/li>\n\n\n\n<li><strong>22 novembre : Barbara \u00ab\u2009\u00e0 propos de la culture burundaise \u00bb.<\/strong><br><em>Objet&nbsp;:&nbsp;La premi\u00e8re \u00e9dition de la journ\u00e9e culturelle burundaise de Li\u00e8ge en septembre 2024 portait sur le th\u00e8me du mariage traditionnel au Burundi. Au c\u0153ur de la c\u00e9l\u00e9bration se trouvaient le jeu des tambours, ainsi qu\u2019une s\u00e9lection de chants et danses parmi les soixante-quatre \u00e9pithalames que j\u2019ai collect\u00e9s, consign\u00e9s par \u00e9crit dans&nbsp;<\/em><a rel=\"noreferrer noopener\" href=\"https:\/\/www.editions-harmattan.fr\/catalogue\/auteur\/barbara-ndimurukundo-kururu-barbara\/24885\" target=\"_blank\">deux tomes, annot\u00e9s, traduits en fran\u00e7ais<\/a><em>, transcrits sur port\u00e9es musicales, analys\u00e9s et comment\u00e9s. Purs joyaux de l\u2019oralit\u00e9, les \u00e9pithalames offrent une remarquable synth\u00e8se de l\u2019art vocal burundais en empruntant \u00e0 tous les genres et \u00e0 tous les styles de la tradition. Ils composent un vibrante parure de chants et de danses qui accompagne et relate les sept \u00e9tapes de ce jour de f\u00eate extr\u00eamement codifi\u00e9. Ils s\u2019associent particuli\u00e8rement aux \u00e9tats d\u2019\u00e2me de la mari\u00e9e dont ils expriment les joies comme les peines, la lucidit\u00e9 souvent am\u00e8re devant la nouvelle condition promise et son acceptation r\u00e9sign\u00e9e.<\/em><\/li>\n<\/ul>\n\n\n\n<hr class=\"wp-block-separator has-alpha-channel-opacity\"\/>\n\n\n\n<p><\/p>\n\n\n\n<ul class=\"wp-block-list\">\n<li>Le 10 juin : <a href=\"https:\/\/www.youtube.com\/watch?v=LB1g_M6rRSE\">converser avec les g\u00e9n\u00e9rations (2e partie)<\/a> Titre :<strong> Interg\u00e9n\u00e9rationnel : affronter<\/strong> &#8211; Date : Lundi 10 juin 2024 de 16 h \u00e0 18 h (heure de Paris) &#8211; Intervenants : <strong>Marc H\u00e9ber-Suffrin<\/strong>, coop\u00e9rer pour affronter ensemble les d\u00e9fis actuels, plus sp\u00e9cifiquement les d\u00e9fis \u00e9cologiques ; <strong>Bernadette Thomas<\/strong>, transition num\u00e9rique et temporalit\u00e9s ; <strong>Gaston Pineau<\/strong>, apprendre le quotidien pour toutes les g\u00e9n\u00e9rations, ici plus sp\u00e9cifiquement en octog\u00e9naires ; <strong>Anne-Marie Guillemard<\/strong>, pour la refondation d\u2019un pacte de solidarit\u00e9 interg\u00e9n\u00e9rationnel \u00e9quitable<\/li>\n\n\n\n<li>Le 21 mai 2024 : <a href=\"https:\/\/youtu.be\/h4kvwcwhPV0\">atelier d&rsquo;\u00e9criture<\/a><\/li>\n\n\n\n<li>Le 14 mai : <a href=\"https:\/\/youtu.be\/zb-fj6X1LRQ\">converser avec les g\u00e9n\u00e9rations (1re partie)<\/a> Intervenants :&nbsp;<strong>Claire H\u00e9ber-Suffrin<\/strong>, \u00e0 partir des \u00ab\u2009Correspondances interg\u00e9n\u00e9rationnelles\u2009\u00bb (2023) : quels apprentissages r\u00e9ciproques se font \u00e0 travers ces dialogues ? : &nbsp;<strong>Andr\u00e9 Vidricaire<\/strong>, les fractionnements entre g\u00e9n\u00e9rations &nbsp;<strong>Dominique Thierry<\/strong>, les temps et les formes des engagements selon les g\u00e9n\u00e9rations : quels dialogues et quelles coop\u00e9rations ? ; <strong>Christian Heslon<\/strong>, psychologie des \u00e2ges de la vie, quels dialogues possibles ?<\/li>\n\n\n\n<li>Le 30 avril : <a href=\"https:\/\/youtu.be\/hshlhCEVews\">d\u00e9centralisation<\/a><\/li>\n\n\n\n<li><strong>Le 4 avril 2024 : <a href=\"https:\/\/youtu.be\/T1iStgRvpfA\">L&rsquo;inclusion active<\/a> <\/strong>par Pierrot Amoureux<br><a href=\"https:\/\/colllearning.info\/CISHE\/wp-content\/uploads\/2024\/04\/CISH-Conf-Inclusion-active-04-04-24.pdf\">Texte de la conf\u00e9rence<\/a><\/li>\n\n\n\n<li><strong>Le 11 mars 2024 :<\/strong> <a href=\"https:\/\/youtu.be\/b9O6pOy9rcs\">V<strong>aleurs et rep\u00e8res face aux \u00e9volutions technologiques<\/strong><\/a> par Alain Javeau<br><a href=\"http:\/\/colllearning.info\/CISHE\/wp-content\/uploads\/2024\/03\/Speech-Alain-Javeau.pdf\">Texte de la conf\u00e9rence<\/a> &#8211; <a href=\"https:\/\/colllearning.info\/CISHE\/wp-content\/uploads\/2024\/04\/Valeurs-er-reperes-discussions-11-03-24.pdf\">Discussion<\/a><\/li>\n\n\n\n<li><strong>Le 6 d\u00e9cembre 2023 : <a href=\"http:\/\/colllearning.info\/CISHE\/voyage-en-cecite\/\" data-type=\"page\" data-id=\"3350\">Voyage en c\u00e9cit\u00e9<\/a><\/strong> par Herv\u00e9 Cochet<\/li>\n\n\n\n<li><strong>Le 21 juin 2023,<\/strong>&nbsp;<strong>Nouvelle gouvernance mondiale<\/strong> par&nbsp;Mohamed HARAKAT (Maroc)<\/li>\n\n\n\n<li><strong>Le 14 juin 2022<\/strong>,<strong> La\u00efcit\u00e9 g\u00e9n\u00e9rationnelle<\/strong><\/li>\n\n\n\n<li><strong>Le&nbsp; 11 avril 2022, D\u00e9mocratie :&nbsp;<\/strong><a href=\"https:\/\/www.youtube.com\/watch?v=RLTt1b1iogQ\">Voir l&rsquo;enregistrement<\/a><\/li>\n\n\n\n<li><strong>Le caf\u00e9 28 avril 2021 : <\/strong><a href=\"http:\/\/colllearning.info\/CISHE\/wp-content\/uploads\/2021\/05\/CR-Cafe-visio-philo-28-04-21.pdf\">Compte Rendu du Caf\u00e9 visio philo<\/a><\/li>\n<\/ul>\n\n\n\n<p>C&rsquo;est le moins de ce qui puisse se faire au sein d&rsquo;un Coll\u00e8ge International\u2026 n&rsquo;est-ce pas ? Expliquons-nous !<br>Prenons d&rsquo;abord la Philosophie, non comme une \u00ab\u00a0discipline\u00a0\u00bb \u00e0 c\u00f4t\u00e9 ou au-dessus des autres, les Sciences Humaines et Sociales, la Litt\u00e9rature ou les Sciences exp\u00e9rimentales, mais, en relan\u00e7ant le sens premier de ce mot, comme une \u00ab\u00a0discipline\u00a0\u00bb de la pens\u00e9e, de \u00ab\u00a0mon penser\u00a0\u00bb : \u00ab Je cherche des mots pour dire mes id\u00e9es et en trouvant ces mots, je trouve mes id\u00e9es. \u00bb Ici, l&rsquo;activit\u00e9 philosophique est bien vue comme un \u00ab\u00a0exercice\u00a0\u00bb, un \u00ab\u00a0travail sur soi\u00a0\u00bb, visant cette curieuse activit\u00e9 qui emplit le v\u00e9cu humain, qu&rsquo;il le veuille ou non, la Pens\u00e9e.<br>Mettons ensuite que cette \u00ab\u00a0mise en d\u00e9bat de mes id\u00e9es et des id\u00e9es d&rsquo;autrui\u00a0\u00bb se d\u00e9roule au Caf\u00e9, \u00e0 la Biblioth\u00e8que, sur la Place publique, non dans les enceintes ferm\u00e9es et s\u00e9lectes d\u00e9di\u00e9es. Reconnaissons d&rsquo;ailleurs que de philosopher l\u00e0 o\u00f9 on est et avec les personnes crois\u00e9es, est un retour \u00e0 l&rsquo;origine, le terreau initial de cette activit\u00e9.<br>Remercions maintenant l&rsquo;esprit humain qui a con\u00e7u des technologies nous permettant de nous exprimer et de d\u00e9battre \u00e0 plusieurs, \u00e0 distance, en restant chez soi, forme de pluralit\u00e9 de la pr\u00e9sence. N&rsquo;oublions pas que cela repr\u00e9sente un co\u00fbt plan\u00e9taire, que la \u00ab\u00a0gratuit\u00e9\u00a0\u00bb n&rsquo;est qu&rsquo;apparence\u2026<br>Enfin, regrettons le caf\u00e9, du moins son partage en commun, car chacun chez lui peut, selon son go\u00fbt, s&rsquo;en servir un, le partage sera dans les coeurs, pas dans la cafeti\u00e8re commune.<br>Et voici les \u00e9l\u00e9ments constituant un Caf\u00e9-Visio-Philo, pour sa forme et son esprit, le contenu \u00e9tant \u00e0 cr\u00e9er \u00e0 chaque fois.<br>\u00catre Coll\u00e8ge, c&rsquo;est, d&rsquo;abord et avant tout, partager ensemble ce travail de la pens\u00e9e\u2026 pour, n&rsquo;h\u00e9sitons pas, participer \u00e0 changer le Monde ! Alors, \u00e0 vous de vous inscrire, de participer, et que les probl\u00e8mes techniques ne vous rebutent pas, nous vous aiderons.<\/p>\n\n\n\n<p><br><\/p>\n\n\n\n<div class=\"wp-block-file\"><a id=\"wp-block-file--media-57c3e101-ddfc-4061-bd50-468eac49378c\" href=\"https:\/\/colllearning.info\/CISHE\/wp-content\/uploads\/2025\/02\/Hopital-patients-humanites.pdf\">Hopital-patients-humanites<\/a><\/div>\n","protected":false},"excerpt":{"rendered":"<p>Calendrier pr\u00e9visionnel C&rsquo;est le moins de ce qui puisse se faire au sein d&rsquo;un Coll\u00e8ge International\u2026 n&rsquo;est-ce pas ? Expliquons-nous [&hellip;]<\/p>\n","protected":false},"author":1,"featured_media":0,"parent":10,"menu_order":0,"comment_status":"closed","ping_status":"closed","template":"","meta":{"site-sidebar-layout":"default","site-content-layout":"","ast-site-content-layout":"default","site-content-style":"default","site-sidebar-style":"default","ast-global-header-display":"","ast-banner-title-visibility":"","ast-main-header-display":"","ast-hfb-above-header-display":"","ast-hfb-below-header-display":"","ast-hfb-mobile-header-display":"","site-post-title":"","ast-breadcrumbs-content":"","ast-featured-img":"","footer-sml-layout":"","ast-disable-related-posts":"","theme-transparent-header-meta":"","adv-header-id-meta":"","stick-header-meta":"","header-above-stick-meta":"","header-main-stick-meta":"","header-below-stick-meta":"","astra-migrate-meta-layouts":"default","ast-page-background-enabled":"default","ast-page-background-meta":{"desktop":{"background-color":"var(--ast-global-color-5)","background-image":"","background-repeat":"repeat","background-position":"center center","background-size":"auto","background-attachment":"scroll","background-type":"","background-media":"","overlay-type":"","overlay-color":"","overlay-opacity":"","overlay-gradient":""},"tablet":{"background-color":"","background-image":"","background-repeat":"repeat","background-position":"center center","background-size":"auto","background-attachment":"scroll","background-type":"","background-media":"","overlay-type":"","overlay-color":"","overlay-opacity":"","overlay-gradient":""},"mobile":{"background-color":"","background-image":"","background-repeat":"repeat","background-position":"center center","background-size":"auto","background-attachment":"scroll","background-type":"","background-media":"","overlay-type":"","overlay-color":"","overlay-opacity":"","overlay-gradient":""}},"ast-content-background-meta":{"desktop":{"background-color":"var(--ast-global-color-4)","background-image":"","background-repeat":"repeat","background-position":"center center","background-size":"auto","background-attachment":"scroll","background-type":"","background-media":"","overlay-type":"","overlay-color":"","overlay-opacity":"","overlay-gradient":""},"tablet":{"background-color":"var(--ast-global-color-4)","background-image":"","background-repeat":"repeat","background-position":"center center","background-size":"auto","background-attachment":"scroll","background-type":"","background-media":"","overlay-type":"","overlay-color":"","overlay-opacity":"","overlay-gradient":""},"mobile":{"background-color":"var(--ast-global-color-4)","background-image":"","background-repeat":"repeat","background-position":"center center","background-size":"auto","background-attachment":"scroll","background-type":"","background-media":"","overlay-type":"","overlay-color":"","overlay-opacity":"","overlay-gradient":""}},"h5ap_radio_sources":[],"footnotes":""},"class_list":["post-2524","page","type-page","status-publish","hentry"],"_links":{"self":[{"href":"http:\/\/colllearning.info\/CISHE\/wp-json\/wp\/v2\/pages\/2524","targetHints":{"allow":["GET"]}}],"collection":[{"href":"http:\/\/colllearning.info\/CISHE\/wp-json\/wp\/v2\/pages"}],"about":[{"href":"http:\/\/colllearning.info\/CISHE\/wp-json\/wp\/v2\/types\/page"}],"author":[{"embeddable":true,"href":"http:\/\/colllearning.info\/CISHE\/wp-json\/wp\/v2\/users\/1"}],"replies":[{"embeddable":true,"href":"http:\/\/colllearning.info\/CISHE\/wp-json\/wp\/v2\/comments?post=2524"}],"version-history":[{"count":37,"href":"http:\/\/colllearning.info\/CISHE\/wp-json\/wp\/v2\/pages\/2524\/revisions"}],"predecessor-version":[{"id":4011,"href":"http:\/\/colllearning.info\/CISHE\/wp-json\/wp\/v2\/pages\/2524\/revisions\/4011"}],"up":[{"embeddable":true,"href":"http:\/\/colllearning.info\/CISHE\/wp-json\/wp\/v2\/pages\/10"}],"wp:attachment":[{"href":"http:\/\/colllearning.info\/CISHE\/wp-json\/wp\/v2\/media?parent=2524"}],"curies":[{"name":"wp","href":"https:\/\/api.w.org\/{rel}","templated":true}]}}